{"id":29066,"date":"2024-08-31T18:16:52","date_gmt":"2024-08-31T16:16:52","guid":{"rendered":"https:\/\/fachschaft-wiwi.ms\/?page_id=29066"},"modified":"2024-10-18T10:43:45","modified_gmt":"2024-10-18T08:43:45","slug":"ws24-25","status":"publish","type":"page","link":"https:\/\/fachschaft-wiwi.ms\/en\/veranstaltungen\/o-woche\/ws24-25\/","title":{"rendered":"O-Woche Wintersemester 2024\/25"},"content":{"rendered":"<p>[et_pb_section fb_built=&#8220;1&#8243; _builder_version=&#8220;4.24.0&#8243; _dynamic_attributes=&#8220;background_image&#8220; _module_preset=&#8220;default&#8220; use_background_color_gradient=&#8220;on&#8220; background_color_gradient_stops=&#8220;rgba(27,52,88,0.75) 0%|rgba(27,52,88,0.75) 100%&#8220; background_color_gradient_overlays_image=&#8220;on&#8220; background_image=&#8220;@ET-DC@eyJkeW5hbWljIjp0cnVlLCJjb250ZW50IjoicG9zdF9mZWF0dXJlZF9pbWFnZSIsInNldHRpbmdzIjp7fX0=@&#8220; global_module=&#8220;28574&#8243; saved_tabs=&#8220;all&#8220; locked=&#8220;on&#8220; global_colors_info=&#8220;{}&#8220;][et_pb_row _builder_version=&#8220;4.24.0&#8243; _module_preset=&#8220;default&#8220; global_colors_info=&#8220;{}&#8220;][et_pb_column type=&#8220;4_4&#8243; _builder_version=&#8220;4.23.1&#8243; _module_preset=&#8220;default&#8220; global_colors_info=&#8220;{}&#8220;][et_pb_text _builder_version=&#8220;4.27.0&#8243; _dynamic_attributes=&#8220;content&#8220; _module_preset=&#8220;default&#8220; header_text_color=&#8220;#FFFFFF&#8220; custom_margin=&#8220;||-4px||false|false&#8220; global_colors_info=&#8220;{}&#8220;]@ET-DC@eyJkeW5hbWljIjp0cnVlLCJjb250ZW50IjoicG9zdF90aXRsZSIsInNldHRpbmdzIjp7ImJlZm9yZSI6IjxoMT4iLCJhZnRlciI6IjwvaDE+In19@[\/et_pb_text][\/et_pb_column][\/et_pb_row][\/et_pb_section][et_pb_section fb_built=&#8220;1&#8243; _builder_version=&#8220;4.27.0&#8243; _module_preset=&#8220;default&#8220; background_color=&#8220;#3e4559&#8243; custom_padding=&#8220;0px||0px||true|&#8220; link_option_url=&#8220;#englishVersion&#8220; locked=&#8220;off&#8220; global_colors_info=&#8220;{}&#8220;][et_pb_row column_structure=&#8220;3_4,1_4&#8243; _builder_version=&#8220;4.23.1&#8243; _module_preset=&#8220;default&#8220; custom_padding=&#8220;20px||20px||true|&#8220; global_colors_info=&#8220;{}&#8220;][et_pb_column type=&#8220;3_4&#8243; _builder_version=&#8220;4.23.1&#8243; _module_preset=&#8220;default&#8220; global_colors_info=&#8220;{}&#8220;][et_pb_text _builder_version=&#8220;4.27.0&#8243; _module_preset=&#8220;default&#8220; text_font=&#8220;|300|||||||&#8220; text_text_color=&#8220;#FFFFFF&#8220; text_font_size=&#8220;20px&#8220; header_2_text_color=&#8220;#FFFFFF&#8220; custom_margin=&#8220;9px||||false|false&#8220; global_colors_info=&#8220;{}&#8220;]<\/p>\n<p>English version below<\/p>\n<p>[\/et_pb_text][\/et_pb_column][et_pb_column type=&#8220;1_4&#8243; _builder_version=&#8220;4.23.1&#8243; _module_preset=&#8220;default&#8220; global_colors_info=&#8220;{}&#8220;][et_pb_icon font_icon=&#8220;&#x37;||divi||400&#8243; icon_color=&#8220;#FFFFFF&#8220; icon_width=&#8220;33px&#8220; disabled_on=&#8220;on|on|off&#8220; _builder_version=&#8220;4.27.0&#8243; _module_preset=&#8220;default&#8220; custom_margin=&#8220;4px||||false|false&#8220; global_colors_info=&#8220;{}&#8220;][\/et_pb_icon][\/et_pb_column][\/et_pb_row][\/et_pb_section][et_pb_section fb_built=&#8220;1&#8243; _builder_version=&#8220;4.27.0&#8243; width=&#8220;100%&#8220; custom_margin=&#8220;||||false|false&#8220; custom_padding=&#8220;50px||50px||true|false&#8220; border_width_all=&#8220;1px&#8220; border_color_all=&#8220;#001C44&#8243; collapsed=&#8220;on&#8220; global_colors_info=&#8220;{}&#8220;][et_pb_row _builder_version=&#8220;4.27.0&#8243; _module_preset=&#8220;default&#8220; global_colors_info=&#8220;{}&#8220;][et_pb_column type=&#8220;4_4&#8243; _builder_version=&#8220;4.27.0&#8243; _module_preset=&#8220;default&#8220; global_colors_info=&#8220;{}&#8220;][et_pb_heading title=&#8220;Herzlich Willkommen am FB4, liebe Erstis!&#8220; _builder_version=&#8220;4.27.0&#8243; _module_preset=&#8220;default&#8220; title_level=&#8220;h2&#8243; title_font=&#8220;|700|||||||&#8220; global_colors_info=&#8220;{}&#8220;][\/et_pb_heading][et_pb_text _builder_version=&#8220;4.27.0&#8243; _module_preset=&#8220;default&#8220; global_colors_info=&#8220;{}&#8220;]<\/p>\n<p>Um euch einen m\u00f6glichst <strong>reibungslosen Start ins Studium<\/strong> zu erm\u00f6glichen, veranstalten wir jedes Semester f\u00fcr alle Neustarter an unserem Fachbereich (FB4) eine <strong>Orientierungswoche<\/strong> (kurz O-Woche). Die O-Woche dient dazu, dass ihr einen <strong>\u00dcberblick \u00fcber euer Studium<\/strong> erhaltet und alles was zum Studienalltag in <strong>M\u00fcnster<\/strong> noch dazugeh\u00f6rt, einmal kennenlernen k\u00f6nnt. Dabei werdet ihr in dieser Zeit eine Menge neue Leute kennenlernen und k\u00f6nnt euch bestimmt auch den ein oder anderen <strong>Insider-Tipp<\/strong> von Studis aus h\u00f6heren Semestern abholen. Na was meinst du &#8211; bist du bereit f\u00fcr die O-Woche? Wir von der O-Wochen Orga auf jeden Fall schon und freuen uns auf eine Menge Spa\u00df mit euch!<\/p>\n<p>[\/et_pb_text][\/et_pb_column][\/et_pb_row][et_pb_row column_structure=&#8220;1_2,1_2&#8243; _builder_version=&#8220;4.27.0&#8243; _module_preset=&#8220;default&#8220; global_colors_info=&#8220;{}&#8220;][et_pb_column type=&#8220;1_2&#8243; _builder_version=&#8220;4.27.0&#8243; _module_preset=&#8220;default&#8220; global_colors_info=&#8220;{}&#8220;][et_pb_text _builder_version=&#8220;4.27.0&#8243; _module_preset=&#8220;default&#8220; custom_margin=&#8220;||16px||false|false&#8220; global_colors_info=&#8220;{}&#8220;]<\/p>\n<h2>Euer Kontakt zu uns<\/h2>\n<p>Falls ihr noch <strong>Fragen<\/strong> rund um die O-Woche habt, schreibt uns gerne unter <a href=\"mailto:owoche@fachschaft-wiwi.ms\">owoche@fachschaft-wiwi.ms<\/a>.<\/p>\n<p>[\/et_pb_text][et_pb_button button_url=&#8220;mailto:owoche@fachschaft-wiwi.ms&#8220; button_text=&#8220;Kontakt per E-Mail&#8220; _builder_version=&#8220;4.27.0&#8243; _module_preset=&#8220;default&#8220; locked=&#8220;off&#8220; global_colors_info=&#8220;{}&#8220;][\/et_pb_button][\/et_pb_column][et_pb_column type=&#8220;1_2&#8243; _builder_version=&#8220;4.27.0&#8243; _module_preset=&#8220;default&#8220; global_colors_info=&#8220;{}&#8220;][et_pb_text _builder_version=&#8220;4.27.0&#8243; _module_preset=&#8220;default&#8220; custom_margin=&#8220;||16px||false|false&#8220; global_colors_info=&#8220;{}&#8220;]<\/p>\n<h2>Immer up to date<\/h2>\n<p>Um immer mit den aktuellsten Informationen versorgt zu sein, folgt uns gerne auf Instagram.<\/p>\n<p>[\/et_pb_text][et_pb_button button_url=&#8220;https:\/\/instagram.com\/owoche.wiwi.ms&#8220; button_text=&#8220;Instagram der O-Woche&#8220; _builder_version=&#8220;4.27.0&#8243; _module_preset=&#8220;default&#8220; locked=&#8220;off&#8220; global_colors_info=&#8220;{}&#8220;][\/et_pb_button][\/et_pb_column][\/et_pb_row][et_pb_row _builder_version=&#8220;4.27.0&#8243; _module_preset=&#8220;default&#8220; custom_padding=&#8220;23px||23px||true|&#8220; locked=&#8220;off&#8220; global_colors_info=&#8220;{}&#8220;][et_pb_column type=&#8220;4_4&#8243; _builder_version=&#8220;4.27.0&#8243; _module_preset=&#8220;default&#8220; global_colors_info=&#8220;{}&#8220;][et_pb_divider divider_style=&#8220;dashed&#8220; divider_weight=&#8220;2px&#8220; _builder_version=&#8220;4.27.0&#8243; _module_preset=&#8220;default&#8220; height=&#8220;20px&#8220; custom_margin=&#8220;20px||||false|false&#8220; global_colors_info=&#8220;{}&#8220;][\/et_pb_divider][\/et_pb_column][\/et_pb_row][et_pb_row _builder_version=&#8220;4.24.0&#8243; _module_preset=&#8220;default&#8220; global_colors_info=&#8220;{}&#8220;][et_pb_column type=&#8220;4_4&#8243; _builder_version=&#8220;4.24.0&#8243; _module_preset=&#8220;default&#8220; global_colors_info=&#8220;{}&#8220;][et_pb_text _builder_version=&#8220;4.27.0&#8243; _module_preset=&#8220;default&#8220; header_2_font=&#8220;|800|||||||&#8220; global_colors_info=&#8220;{}&#8220;]<\/p>\n<h2>Anmeldung zur O-Woche im Wintersemester 2024\/25<\/h2>\n<p>[\/et_pb_text][et_pb_text _builder_version=&#8220;4.27.0&#8243; _module_preset=&#8220;default&#8220; hover_enabled=&#8220;0&#8243; global_colors_info=&#8220;{}&#8220; sticky_enabled=&#8220;0&#8243;]<\/p>\n<h4>Die Anmeldung gilt f\u00fcr <strong>alle<\/strong> Erstsemester im Bachelor und Master. Es gibt keine separate Anmeldung f\u00fcr Masterstudieng\u00e4nge.<\/h4>\n<p>[\/et_pb_text][et_pb_code disabled_on=&#8220;on|on|on&#8220; _builder_version=&#8220;4.27.0&#8243; _module_preset=&#8220;default&#8220; global_colors_info=&#8220;{}&#8220; disabled=&#8220;on&#8220;]<iframe id=\"owocheIframe\" width=\"100%\" style=\"border: none;\" src=\"https:\/\/owoche.fachschaft-wiwi.ms\/api\/iframe\"><\/iframe><!-- [et_pb_line_break_holder] --><\/p>\n<style><!-- [et_pb_line_break_holder] -->  #owocheIframe {<!-- [et_pb_line_break_holder] -->    height: 930px;<!-- [et_pb_line_break_holder] -->  }<!-- [et_pb_line_break_holder] -->\t@media (min-width: 576px) {<!-- [et_pb_line_break_holder] -->    #owocheIframe {<!-- [et_pb_line_break_holder] -->      height: 590px;<!-- [et_pb_line_break_holder] -->    }<!-- [et_pb_line_break_holder] -->  }<!-- [et_pb_line_break_holder] -->  @media (min-width: 992px) {<!-- [et_pb_line_break_holder] -->    #owocheIframe {<!-- [et_pb_line_break_holder] -->      height: 410px;<!-- [et_pb_line_break_holder] -->    }<!-- [et_pb_line_break_holder] -->  }<!-- [et_pb_line_break_holder] --><\/style>\n<p>[\/et_pb_code][et_pb_text _builder_version=&#8220;4.27.0&#8243; _module_preset=&#8220;default&#8220; hover_enabled=&#8220;0&#8243; sticky_enabled=&#8220;0&#8243;]<\/p>\n<p>Die O-Woche ist vorbei&#8230; die Anmeldung ist nicht mehr m\u00f6glich!<\/p>\n<p>[\/et_pb_text][\/et_pb_column][\/et_pb_row][et_pb_row _builder_version=&#8220;4.21.2&#8243; _module_preset=&#8220;default&#8220; global_colors_info=&#8220;{}&#8220;][et_pb_column type=&#8220;4_4&#8243; _builder_version=&#8220;4.21.2&#8243; _module_preset=&#8220;default&#8220; global_colors_info=&#8220;{}&#8220;][et_pb_text _builder_version=&#8220;4.27.0&#8243; _module_preset=&#8220;default&#8220; global_colors_info=&#8220;{}&#8220;]<\/p>\n<h2 style=\"text-align: center;\">Bis ganz bald an unserem Fachbereich!<\/h2>\n<p>[\/et_pb_text][\/et_pb_column][\/et_pb_row][et_pb_row column_structure=&#8220;1_3,1_3,1_3&#8243; _builder_version=&#8220;4.27.0&#8243; _module_preset=&#8220;default&#8220; background_color=&#8220;#1B3458&#8243; custom_margin=&#8220;||20px||false|false&#8220; custom_padding=&#8220;2.5em|1.5em|2.5em|1.5em|true|true&#8220; border_radii=&#8220;on|3px|3px|3px|3px&#8220; global_colors_info=&#8220;{}&#8220;][et_pb_column type=&#8220;1_3&#8243; _builder_version=&#8220;4.27.0&#8243; _module_preset=&#8220;default&#8220; global_colors_info=&#8220;{}&#8220;][et_pb_icon font_icon=&#8220;&#xf017;||fa||400&#8243; icon_color=&#8220;#FFFFFF&#8220; icon_width=&#8220;46px&#8220; _builder_version=&#8220;4.27.0&#8243; _module_preset=&#8220;default&#8220; global_colors_info=&#8220;{}&#8220;][\/et_pb_icon][et_pb_text _builder_version=&#8220;4.27.0&#8243; _module_preset=&#8220;default&#8220; text_text_color=&#8220;#FFFFFF&#8220; text_font_size=&#8220;18px&#8220; header_2_font=&#8220;|700||on|||||&#8220; header_2_text_align=&#8220;center&#8220; header_2_text_color=&#8220;#FFFFFF&#8220; text_orientation=&#8220;center&#8220; global_colors_info=&#8220;{}&#8220;]<\/p>\n<h2>Wann?<\/h2>\n<p>Dienstag, <strong>01.10.2024<\/strong> &#8211;<br \/>Freitag, <strong>04.10.2024<\/strong><\/p>\n<p>[\/et_pb_text][\/et_pb_column][et_pb_column type=&#8220;1_3&#8243; _builder_version=&#8220;4.27.0&#8243; _module_preset=&#8220;default&#8220; global_colors_info=&#8220;{}&#8220;][et_pb_icon font_icon=&#8220;&#xf3c5;||fa||900&#8243; icon_color=&#8220;#FFFFFF&#8220; icon_width=&#8220;46px&#8220; _builder_version=&#8220;4.27.0&#8243; _module_preset=&#8220;default&#8220; global_colors_info=&#8220;{}&#8220;][\/et_pb_icon][et_pb_text _builder_version=&#8220;4.27.0&#8243; _module_preset=&#8220;default&#8220; text_text_color=&#8220;#FFFFFF&#8220; text_font_size=&#8220;18px&#8220; header_2_font=&#8220;|700||on|||||&#8220; header_2_text_align=&#8220;center&#8220; header_2_text_color=&#8220;#FFFFFF&#8220; text_orientation=&#8220;center&#8220; global_colors_info=&#8220;{}&#8220;]<\/p>\n<h2>Wo?<\/h2>\n<p>In Pr\u00e4senz<br \/>in <strong>M\u00fcnster<\/strong><\/p>\n<p>[\/et_pb_text][\/et_pb_column][et_pb_column type=&#8220;1_3&#8243; _builder_version=&#8220;4.27.0&#8243; _module_preset=&#8220;default&#8220; global_colors_info=&#8220;{}&#8220;][et_pb_icon font_icon=&#8220;&#xf500;||fa||900&#8243; icon_color=&#8220;#FFFFFF&#8220; icon_width=&#8220;46px&#8220; _builder_version=&#8220;4.27.0&#8243; _module_preset=&#8220;default&#8220; global_colors_info=&#8220;{}&#8220;][\/et_pb_icon][et_pb_text _builder_version=&#8220;4.27.0&#8243; _module_preset=&#8220;default&#8220; text_text_color=&#8220;#FFFFFF&#8220; text_font_size=&#8220;18px&#8220; header_2_font=&#8220;|700||on|||||&#8220; header_2_text_align=&#8220;center&#8220; header_2_text_color=&#8220;#FFFFFF&#8220; text_orientation=&#8220;center&#8220; global_colors_info=&#8220;{}&#8220;]<\/p>\n<h2>F\u00fcr wen?<\/h2>\n<p>Alle FB4 Erstsemesterstudis des <strong>Wintersemesters 2024\/25<\/strong><\/p>\n<p>[\/et_pb_text][\/et_pb_column][\/et_pb_row][et_pb_row column_structure=&#8220;2_3,1_3&#8243; disabled_on=&#8220;off|off|off&#8220; _builder_version=&#8220;4.24.0&#8243; _module_preset=&#8220;default&#8220; locked=&#8220;off&#8220; global_colors_info=&#8220;{}&#8220;][et_pb_column type=&#8220;2_3&#8243; _builder_version=&#8220;4.24.0&#8243; _module_preset=&#8220;default&#8220; global_colors_info=&#8220;{}&#8220;][et_pb_image src=&#8220;https:\/\/fachschaft-wiwi.ms\/wp-content\/uploads\/2024\/09\/Ablaufplan.png&#8220; title_text=&#8220;Ablaufplan&#8220; disabled_on=&#8220;off|off|off&#8220; _builder_version=&#8220;4.27.0&#8243; _module_preset=&#8220;default&#8220; global_colors_info=&#8220;{}&#8220;][\/et_pb_image][\/et_pb_column][et_pb_column type=&#8220;1_3&#8243; _builder_version=&#8220;4.24.0&#8243; _module_preset=&#8220;default&#8220; global_colors_info=&#8220;{}&#8220;][et_pb_text _builder_version=&#8220;4.27.0&#8243; _module_preset=&#8220;default&#8220; custom_margin=&#8220;31px||||false|false&#8220; global_colors_info=&#8220;{}&#8220;]<\/p>\n<h2>Ablaufplan der O-Woche<\/h2>\n<p>Hier findet ihr den aktuellen Ablaufplan f\u00fcr das Wintersemester 2024\/25.<\/p>\n<p>Nicht alle Aktivit\u00e4ten sind auch f\u00fcr alle Studierenden relevant. An den Stellen, wo keine Aktivit\u00e4ten zugewiesen sind oder diese nicht relevant f\u00fcr den jeweiligen Studiengang sind, wird eure O-Gruppe ein Parallelprogramm organisieren.<\/p>\n<p><span>Wir hoffen, dass ihr mit diesem Programm eine tolle Woche verbringen werdet!<\/span><\/p>\n<p>[\/et_pb_text][\/et_pb_column][\/et_pb_row][et_pb_row _builder_version=&#8220;4.19.5&#8243; _module_preset=&#8220;default&#8220; custom_padding=&#8220;0px|||||&#8220; global_colors_info=&#8220;{}&#8220;][et_pb_column type=&#8220;4_4&#8243; _builder_version=&#8220;4.19.5&#8243; _module_preset=&#8220;default&#8220; global_colors_info=&#8220;{}&#8220;][et_pb_text _builder_version=&#8220;4.27.0&#8243; _module_preset=&#8220;default&#8220; background_color=&#8220;#FFFFFF&#8220; min_height=&#8220;281.6px&#8220; custom_padding=&#8220;2.2em|2em|2.2em|2em|true|true&#8220; border_width_all=&#8220;2px&#8220; border_color_all=&#8220;#1B3458&#8243; global_colors_info=&#8220;{}&#8220;]<\/p>\n<h2 class=\"x_MsoNormal\"><span class=\"x_contentpasted1\"><span>Awareness<\/span><\/span><\/h2>\n<p class=\"x_MsoNormal\" style=\"text-align: justify;\"><span class=\"x_contentpasted1\"><span><\/span><\/span><span class=\"x_contentpasted1\"><span>Wir wollen euch \u00fcber unser Awarenessangebot informieren. Falls ihr euch w\u00e4hrend der O-Woche unwohl, bel\u00e4stigt oder bedr\u00e4ngt f\u00fchlt, wendet euch bitte direkt an eure Mentoren. Diese werden euch in dieser Situation unterst\u00fctzen und helfen. Solltet ihr euch nicht an eure Mentoren wenden wollen, dann habt ihr die M\u00f6glichkeit unser Awarenessteam w\u00e4hrend der O-Woche unter der\u00a0<b>Telefonnummer: +49 1575 2851666<\/b>\u00a0telefonisch oder per WhatsApp zu erreichen. Au\u00dferdem werden wir auf jeder Party eine Awarenessecke haben. Dort sind immer zwei Helfer vor Ort, die ein offenes Ohr f\u00fcr euch haben und ebenfalls per Awareness-Telefon erreichbar sind. \u00a0<\/span><\/span><span><\/span><\/p>\n<p class=\"x_MsoNormal\" style=\"text-align: justify; padding-right: 20px;\"><span class=\"x_contentpasted1\"><span>Wir wei\u00dfen darauf hin, dass diese Telefonnummer nicht f\u00fcr organisatorische Fragen gedacht ist.<br \/>Diese k\u00f6nnt ihr gerne per Mail an\u00a0<\/span><\/span><span><a href=\"mailto:owoche@fachschaft-wiwi.ms\" target=\"_blank\" rel=\"noopener noreferrer\" data-auth=\"NotApplicable\" data-safelink=\"true\" data-linkindex=\"0\">owoche@fachschaft-wiwi.ms<\/a><\/span><span> schicken.<\/span><\/p>\n<p>[\/et_pb_text][et_pb_text _builder_version=&#8220;4.27.0&#8243; _module_preset=&#8220;default&#8220; global_colors_info=&#8220;{}&#8220;]<\/p>\n<p>Hinweis: F\u00fcr die O-Woche der Studieng\u00e4nge Politik und Wirtschaft, Wirtschaft und Recht sowie \u00d6konomik k\u00f6nnt ihr euch unter <a href=\"https:\/\/www.uni-muenster.de\/FsPWR\/infos\/orientierungswoche.html\">https:\/\/www.uni-muenster.de\/FsPWR\/infos\/orientierungswoche.html<\/a> informieren.<\/p>\n<p>[\/et_pb_text][\/et_pb_column][\/et_pb_row][et_pb_row _builder_version=&#8220;4.27.0&#8243; _module_preset=&#8220;default&#8220; custom_padding=&#8220;23px||23px||true|&#8220; locked=&#8220;off&#8220; global_colors_info=&#8220;{}&#8220;][et_pb_column type=&#8220;4_4&#8243; _builder_version=&#8220;4.27.0&#8243; _module_preset=&#8220;default&#8220; global_colors_info=&#8220;{}&#8220;][et_pb_divider divider_style=&#8220;dashed&#8220; divider_weight=&#8220;2px&#8220; _builder_version=&#8220;4.27.0&#8243; _module_preset=&#8220;default&#8220; height=&#8220;20px&#8220; custom_margin=&#8220;20px||||false|false&#8220; global_colors_info=&#8220;{}&#8220;][\/et_pb_divider][\/et_pb_column][\/et_pb_row][et_pb_row _builder_version=&#8220;4.27.0&#8243; _module_preset=&#8220;default&#8220; global_colors_info=&#8220;{}&#8220;][et_pb_column type=&#8220;4_4&#8243; _builder_version=&#8220;4.27.0&#8243; _module_preset=&#8220;default&#8220; global_colors_info=&#8220;{}&#8220;][et_pb_heading title=&#8220;Wichtige Infos&#8220; _builder_version=&#8220;4.27.0&#8243; _module_preset=&#8220;default&#8220; title_level=&#8220;h2&#8243; title_font=&#8220;|700|||||||&#8220; global_colors_info=&#8220;{}&#8220;][\/et_pb_heading][\/et_pb_column][\/et_pb_row][et_pb_row column_structure=&#8220;1_2,1_2&#8243; _builder_version=&#8220;4.27.0&#8243; _module_preset=&#8220;default&#8220; global_colors_info=&#8220;{}&#8220;][et_pb_column type=&#8220;1_2&#8243; _builder_version=&#8220;4.27.0&#8243; _module_preset=&#8220;default&#8220; global_colors_info=&#8220;{}&#8220;][et_pb_text _builder_version=&#8220;4.27.0&#8243; _module_preset=&#8220;default&#8220; custom_margin=&#8220;||16px||false|false&#8220; global_colors_info=&#8220;{}&#8220;]<\/p>\n<h3>Instagram<\/h3>\n<p>Um keine Infos zu verpassen, schaut auch auf unsere Instagram-Kanal vorbei!<\/p>\n<p>[\/et_pb_text][et_pb_button button_url=&#8220;https:\/\/instagram.com\/owoche.wiwi.ms&#8220; button_text=&#8220;Instagram der O-Woche&#8220; _builder_version=&#8220;4.27.0&#8243; _module_preset=&#8220;default&#8220; global_colors_info=&#8220;{}&#8220;][\/et_pb_button][\/et_pb_column][et_pb_column type=&#8220;1_2&#8243; _builder_version=&#8220;4.27.0&#8243; _module_preset=&#8220;default&#8220; global_colors_info=&#8220;{}&#8220;][\/et_pb_column][\/et_pb_row][et_pb_row _builder_version=&#8220;4.27.0&#8243; _module_preset=&#8220;default&#8220; global_colors_info=&#8220;{}&#8220;][et_pb_column type=&#8220;4_4&#8243; _builder_version=&#8220;4.27.0&#8243; _module_preset=&#8220;default&#8220; global_colors_info=&#8220;{}&#8220;][et_pb_text _builder_version=&#8220;4.27.0&#8243; _module_preset=&#8220;default&#8220; custom_margin=&#8220;||16px||false|false&#8220; global_colors_info=&#8220;{}&#8220;]<\/p>\n<h3>Learnweb-Kurs &#8222;O-Woche WiWi FB4&#8220;<\/h3>\n<p>Alle Infos f\u00fcr die O-Woche, eurer Studium und noch mehr findet ihr in dem Learnweb-Kurs unter <strong>O-Woche FB4<\/strong>.<br \/>Loggt Euch mit eurer Uni-Kennung ein, klickt auf &#8222;einschreiben&#8220; und schon seid ihr drin!<\/p>\n<p>Falls ihr noch keinen Zugang zum Learnweb haben solltet, schreibt uns gerne eine Mail an: <a href=\"mailto:owoche@fachschaft-wiwi.ms\">owoche@fachschaft-wiwi.ms<\/a><\/p>\n<p>[\/et_pb_text][et_pb_button button_url=&#8220;https:\/\/sso.uni-muenster.de\/LearnWeb\/learnweb2\/course\/view.php?id=46600&#8243; button_text=&#8220;Learnweb-Kurs&#8220; _builder_version=&#8220;4.27.0&#8243; _module_preset=&#8220;default&#8220; global_colors_info=&#8220;{}&#8220;][\/et_pb_button][\/et_pb_column][\/et_pb_row][et_pb_row _builder_version=&#8220;4.27.0&#8243; _module_preset=&#8220;default&#8220; global_colors_info=&#8220;{}&#8220;][et_pb_column type=&#8220;4_4&#8243; _builder_version=&#8220;4.27.0&#8243; _module_preset=&#8220;default&#8220; global_colors_info=&#8220;{}&#8220;][et_pb_text _builder_version=&#8220;4.27.0&#8243; _module_preset=&#8220;default&#8220; global_colors_info=&#8220;{}&#8220;]<\/p>\n<h3>Fragen?<\/h3>\n<p>Wir haben die am h\u00e4ufigsten gestellten Fragen in einem FAQ gesammelt und beantwortet. Deine Frage ist nicht dabei? Dann schreib uns gerne eine Mail!<\/p>\n<p>[\/et_pb_text][et_pb_button button_url=&#8220;@ET-DC@eyJkeW5hbWljIjp0cnVlLCJjb250ZW50IjoicG9zdF9saW5rX3VybF9wYWdlIiwic2V0dGluZ3MiOnsicG9zdF9pZCI6IjI5MTA2In19@&#8220; button_text=&#8220;O-Wochen FAQ&#8220; _builder_version=&#8220;4.27.0&#8243; _dynamic_attributes=&#8220;button_url&#8220; _module_preset=&#8220;default&#8220; global_colors_info=&#8220;{}&#8220;][\/et_pb_button][\/et_pb_column][\/et_pb_row][et_pb_row _builder_version=&#8220;4.27.0&#8243; _module_preset=&#8220;default&#8220; global_colors_info=&#8220;{}&#8220;][et_pb_column type=&#8220;4_4&#8243; _builder_version=&#8220;4.27.0&#8243; _module_preset=&#8220;default&#8220; global_colors_info=&#8220;{}&#8220;][et_pb_text _builder_version=&#8220;4.27.0&#8243; _module_preset=&#8220;default&#8220; custom_margin=&#8220;||16px||false|false&#8220; global_colors_info=&#8220;{}&#8220;]<\/p>\n<h3>Disclaimer<\/h3>\n<p>Wir planen alles mit gr\u00f6\u00dfter Sorgfalt, um allen Studierenden einen bestm\u00f6glichen Start ins Studium zu erm\u00f6glichen.<\/p>\n<p>Aber leider k\u00f6nnen wir nicht in die Zukunft sehen. Daher kann es zu kurzfristigen \u00c4nderungen im Ablauf kommen. \u00dcber das werden wir Euch nat\u00fcrlich auf allen gewohnten Kan\u00e4len informieren!<\/p>\n<p>[\/et_pb_text][\/et_pb_column][\/et_pb_row][et_pb_row column_structure=&#8220;3_5,2_5&#8243; _builder_version=&#8220;4.16&#8243; _module_preset=&#8220;default&#8220; custom_margin=&#8220;-1px|auto||auto||&#8220; custom_padding=&#8220;36px|||||&#8220; global_colors_info=&#8220;{}&#8220;][et_pb_column type=&#8220;3_5&#8243; _builder_version=&#8220;4.16&#8243; _module_preset=&#8220;default&#8220; global_colors_info=&#8220;{}&#8220;][et_pb_text _builder_version=&#8220;4.23.1&#8243; _module_preset=&#8220;default&#8220; width=&#8220;100%&#8220; min_height=&#8220;333px&#8220; custom_padding=&#8220;100px|60px||0px|false|false&#8220; global_colors_info=&#8220;{}&#8220;]<\/p>\n<h2 style=\"text-align: justify;\">Hey zusammen,<\/h2>\n<p style=\"text-align: justify;\">Wir sind das aktuelle <strong>O-Wochen-Team<\/strong> und sind daf\u00fcr da euch eine tolle O-Woche in diesem Wintersemester zu organisieren und damit den Studienstart in M\u00fcnster zu erleichtern. Wir haben euch ein buntes Programm zusammengestellt und hoffen, dass ihr einen unvergesslichen Start erleben werdet.<\/p>\n<p style=\"text-align: justify;\"><strong>Wir freuen uns riesig, euch bald vor Ort kennenzulernen!<\/strong><br \/><strong><span style=\"font-size: 14px;\">Hannes, Stina, Lisa und Anton (O-Wochen Orga Team WS 24\/25)<\/span><\/strong><\/p>\n<p>[\/et_pb_text][\/et_pb_column][et_pb_column type=&#8220;2_5&#8243; _builder_version=&#8220;4.16&#8243; _module_preset=&#8220;default&#8220; global_colors_info=&#8220;{}&#8220;][et_pb_image src=&#8220;https:\/\/fachschaft-wiwi.ms\/wp-content\/uploads\/2024\/07\/8b53045b-2da9-4b96-a547-096c1e737b83-1.jpg&#8220; title_text=&#8220;8b53045b-2da9-4b96-a547-096c1e737b83-1&#8243; src_last_edited=&#8220;off|desktop&#8220; _builder_version=&#8220;4.27.0&#8243; _module_preset=&#8220;default&#8220; custom_padding=&#8220;|||1px||&#8220; global_colors_info=&#8220;{}&#8220;][\/et_pb_image][\/et_pb_column][\/et_pb_row][et_pb_row _builder_version=&#8220;4.16&#8243; _module_preset=&#8220;default&#8220; global_colors_info=&#8220;{}&#8220;][et_pb_column type=&#8220;4_4&#8243; _builder_version=&#8220;4.16&#8243; _module_preset=&#8220;default&#8220; global_colors_info=&#8220;{}&#8220;][et_pb_button button_url=&#8220;@ET-DC@eyJkeW5hbWljIjp0cnVlLCJjb250ZW50IjoicG9zdF9saW5rX3VybF9wYWdlIiwic2V0dGluZ3MiOnsicG9zdF9pZCI6IjI5MDUzIn19@&#8220; button_text=&#8220;Zur\u00fcck zur \u00dcbersicht&#8220; button_alignment=&#8220;center&#8220; _builder_version=&#8220;4.27.0&#8243; _dynamic_attributes=&#8220;button_url&#8220; _module_preset=&#8220;default&#8220; global_colors_info=&#8220;{}&#8220;][\/et_pb_button][\/et_pb_column][\/et_pb_row][\/et_pb_section][et_pb_section fb_built=&#8220;1&#8243; module_id=&#8220;englishVersion&#8220; _builder_version=&#8220;4.27.0&#8243; _module_preset=&#8220;default&#8220; background_color=&#8220;#3e4559&#8243; custom_padding=&#8220;0px||0px||true|&#8220; locked=&#8220;off&#8220; global_colors_info=&#8220;{}&#8220;][et_pb_row column_structure=&#8220;3_4,1_4&#8243; _builder_version=&#8220;4.23.1&#8243; _module_preset=&#8220;default&#8220; custom_padding=&#8220;20px||20px||true|&#8220; global_colors_info=&#8220;{}&#8220;][et_pb_column type=&#8220;3_4&#8243; _builder_version=&#8220;4.23.1&#8243; _module_preset=&#8220;default&#8220; global_colors_info=&#8220;{}&#8220;][et_pb_text _builder_version=&#8220;4.27.0&#8243; _module_preset=&#8220;default&#8220; text_font=&#8220;|300|||||||&#8220; text_text_color=&#8220;#FFFFFF&#8220; text_font_size=&#8220;20px&#8220; header_2_text_color=&#8220;#FFFFFF&#8220; custom_margin=&#8220;9px||||false|false&#8220; global_colors_info=&#8220;{}&#8220;]<\/p>\n<p>English version<\/p>\n<p>[\/et_pb_text][\/et_pb_column][et_pb_column type=&#8220;1_4&#8243; _builder_version=&#8220;4.23.1&#8243; _module_preset=&#8220;default&#8220; global_colors_info=&#8220;{}&#8220;][et_pb_icon font_icon=&#8220;&#x37;||divi||400&#8243; icon_color=&#8220;#FFFFFF&#8220; icon_width=&#8220;33px&#8220; disabled_on=&#8220;on|on|off&#8220; _builder_version=&#8220;4.27.0&#8243; _module_preset=&#8220;default&#8220; custom_margin=&#8220;4px||||false|false&#8220; global_colors_info=&#8220;{}&#8220;][\/et_pb_icon][\/et_pb_column][\/et_pb_row][\/et_pb_section][et_pb_section fb_built=&#8220;1&#8243; _builder_version=&#8220;4.27.0&#8243; width=&#8220;100%&#8220; custom_margin=&#8220;||||false|false&#8220; custom_padding=&#8220;50px||50px||true|false&#8220; border_width_all=&#8220;1px&#8220; border_color_all=&#8220;#001C44&#8243; collapsed=&#8220;on&#8220; global_colors_info=&#8220;{}&#8220;][et_pb_row _builder_version=&#8220;4.27.0&#8243; _module_preset=&#8220;default&#8220; global_colors_info=&#8220;{}&#8220;][et_pb_column type=&#8220;4_4&#8243; _builder_version=&#8220;4.27.0&#8243; _module_preset=&#8220;default&#8220; global_colors_info=&#8220;{}&#8220;][et_pb_heading title=&#8220;Welcome dear first year students at FB4!&#8220; _builder_version=&#8220;4.27.0&#8243; _module_preset=&#8220;default&#8220; title_level=&#8220;h2&#8243; title_font=&#8220;|700|||||||&#8220; global_colors_info=&#8220;{}&#8220;][\/et_pb_heading][et_pb_text _builder_version=&#8220;4.27.0&#8243; _module_preset=&#8220;default&#8220; global_colors_info=&#8220;{}&#8220;]<\/p>\n<p>To give you the\u00a0smoothest\u00a0possible start to your studies, we organise an orientation week (O-Woche for short) every semester for all new students at our department (FB4). The purpose of the Orientation week is to give you an overview of your studies and to give you the opportunity to get to know everything that is involved in everyday study life in M\u00fcnster. You will meet a lot of new people during this time, and you can certainly pick up one or two insider tips from older students. So, what do you think \u2013 are you ready for the Orientation week? We from the organising team are and we\u2019re looking forward to having a lot of fun with you! If you have any questions regarding Orientation week, please contact us via owoche@fachschaft-wiwi.ms!\u00a0<\/p>\n<p>[\/et_pb_text][\/et_pb_column][\/et_pb_row][et_pb_row column_structure=&#8220;1_2,1_2&#8243; _builder_version=&#8220;4.27.0&#8243; _module_preset=&#8220;default&#8220; global_colors_info=&#8220;{}&#8220;][et_pb_column type=&#8220;1_2&#8243; _builder_version=&#8220;4.27.0&#8243; _module_preset=&#8220;default&#8220; global_colors_info=&#8220;{}&#8220;][et_pb_text _builder_version=&#8220;4.27.0&#8243; _module_preset=&#8220;default&#8220; custom_margin=&#8220;||16px||false|false&#8220; global_colors_info=&#8220;{}&#8220;]<\/p>\n<h2>Your contact to us<\/h2>\n<p>If you have any questions about the O-Week, please write to us at <a href=\"mailto:owoche@fachschaft-wiwi.ms\">owoche@fachschaft-wiwi.ms<\/a>.<\/p>\n<p>[\/et_pb_text][et_pb_button button_url=&#8220;mailto:owoche@fachschaft-wiwi.ms&#8220; button_text=&#8220;Contact us by e-mail&#8220; _builder_version=&#8220;4.27.0&#8243; _module_preset=&#8220;default&#8220; locked=&#8220;off&#8220; global_colors_info=&#8220;{}&#8220;][\/et_pb_button][\/et_pb_column][et_pb_column type=&#8220;1_2&#8243; _builder_version=&#8220;4.27.0&#8243; _module_preset=&#8220;default&#8220; global_colors_info=&#8220;{}&#8220;][et_pb_text _builder_version=&#8220;4.27.0&#8243; _module_preset=&#8220;default&#8220; custom_margin=&#8220;||16px||false|false&#8220; global_colors_info=&#8220;{}&#8220;]<\/p>\n<h2>Always up to date<\/h2>\n<p>To keep up to date with the latest information, follow us on Instagram.<\/p>\n<p>[\/et_pb_text][et_pb_button button_url=&#8220;https:\/\/instagram.com\/owoche.wiwi.ms&#8220; button_text=&#8220;Instagram of the o-week&#8220; _builder_version=&#8220;4.27.0&#8243; _module_preset=&#8220;default&#8220; locked=&#8220;off&#8220; global_colors_info=&#8220;{}&#8220;][\/et_pb_button][\/et_pb_column][\/et_pb_row][et_pb_row _builder_version=&#8220;4.27.0&#8243; _module_preset=&#8220;default&#8220; custom_padding=&#8220;23px||23px||true|&#8220; locked=&#8220;off&#8220; global_colors_info=&#8220;{}&#8220;][et_pb_column type=&#8220;4_4&#8243; _builder_version=&#8220;4.27.0&#8243; _module_preset=&#8220;default&#8220; global_colors_info=&#8220;{}&#8220;][et_pb_divider divider_style=&#8220;dashed&#8220; divider_weight=&#8220;2px&#8220; _builder_version=&#8220;4.27.0&#8243; _module_preset=&#8220;default&#8220; height=&#8220;20px&#8220; custom_margin=&#8220;20px||||false|false&#8220; global_colors_info=&#8220;{}&#8220;][\/et_pb_divider][\/et_pb_column][\/et_pb_row][et_pb_row _builder_version=&#8220;4.24.0&#8243; _module_preset=&#8220;default&#8220; global_colors_info=&#8220;{}&#8220;][et_pb_column type=&#8220;4_4&#8243; _builder_version=&#8220;4.24.0&#8243; _module_preset=&#8220;default&#8220; global_colors_info=&#8220;{}&#8220;][et_pb_text _builder_version=&#8220;4.27.0&#8243; _module_preset=&#8220;default&#8220; header_2_font=&#8220;|800|||||||&#8220; global_colors_info=&#8220;{}&#8220;]<\/p>\n<h2>Registration for the O-Week of Winter Semester 2024\/25<\/h2>\n<p>[\/et_pb_text][et_pb_code disabled_on=&#8220;on|on|on&#8220; _builder_version=&#8220;4.27.0&#8243; _module_preset=&#8220;default&#8220; global_colors_info=&#8220;{}&#8220; disabled=&#8220;on&#8220;]<iframe id=\"owocheIframe\" width=\"100%\" style=\"border: none;\" src=\"https:\/\/owoche.fachschaft-wiwi.ms\/api\/iframe\"><\/iframe><!-- [et_pb_line_break_holder] --><\/p>\n<style><!-- [et_pb_line_break_holder] -->  #owocheIframe {<!-- [et_pb_line_break_holder] -->    height: 930px;<!-- [et_pb_line_break_holder] -->  }<!-- [et_pb_line_break_holder] -->\t@media (min-width: 576px) {<!-- [et_pb_line_break_holder] -->    #owocheIframe {<!-- [et_pb_line_break_holder] -->      height: 590px;<!-- [et_pb_line_break_holder] -->    }<!-- [et_pb_line_break_holder] -->  }<!-- [et_pb_line_break_holder] -->  @media (min-width: 992px) {<!-- [et_pb_line_break_holder] -->    #owocheIframe {<!-- [et_pb_line_break_holder] -->      height: 410px;<!-- [et_pb_line_break_holder] -->    }<!-- [et_pb_line_break_holder] -->  }<!-- [et_pb_line_break_holder] --><\/style>\n<p>[\/et_pb_code][et_pb_text _builder_version=&#8220;4.27.0&#8243; _module_preset=&#8220;default&#8220; hover_enabled=&#8220;0&#8243; sticky_enabled=&#8220;0&#8243;]<\/p>\n<p>The O-week is over&#8230; registration is no longer possible!<\/p>\n<p>[\/et_pb_text][\/et_pb_column][\/et_pb_row][et_pb_row _builder_version=&#8220;4.27.0&#8243; _module_preset=&#8220;default&#8220; custom_padding=&#8220;23px||23px||true|&#8220; locked=&#8220;off&#8220; global_colors_info=&#8220;{}&#8220;][et_pb_column type=&#8220;4_4&#8243; _builder_version=&#8220;4.27.0&#8243; _module_preset=&#8220;default&#8220; global_colors_info=&#8220;{}&#8220;][et_pb_divider divider_style=&#8220;dashed&#8220; divider_weight=&#8220;2px&#8220; _builder_version=&#8220;4.27.0&#8243; _module_preset=&#8220;default&#8220; height=&#8220;20px&#8220; custom_margin=&#8220;20px||||false|false&#8220; global_colors_info=&#8220;{}&#8220;][\/et_pb_divider][\/et_pb_column][\/et_pb_row][et_pb_row _builder_version=&#8220;4.21.2&#8243; _module_preset=&#8220;default&#8220; global_colors_info=&#8220;{}&#8220;][et_pb_column type=&#8220;4_4&#8243; _builder_version=&#8220;4.21.2&#8243; _module_preset=&#8220;default&#8220; global_colors_info=&#8220;{}&#8220;][et_pb_text _builder_version=&#8220;4.27.0&#8243; _module_preset=&#8220;default&#8220; global_colors_info=&#8220;{}&#8220;]<\/p>\n<h2 style=\"text-align: center;\">See you soon at our faculty!<\/h2>\n<p>[\/et_pb_text][\/et_pb_column][\/et_pb_row][et_pb_row column_structure=&#8220;1_3,1_3,1_3&#8243; _builder_version=&#8220;4.27.0&#8243; _module_preset=&#8220;default&#8220; background_color=&#8220;#1B3458&#8243; custom_margin=&#8220;||20px||false|false&#8220; custom_padding=&#8220;2.5em|1.5em|2.5em|1.5em|true|true&#8220; border_radii=&#8220;on|3px|3px|3px|3px&#8220; global_colors_info=&#8220;{}&#8220;][et_pb_column type=&#8220;1_3&#8243; _builder_version=&#8220;4.27.0&#8243; _module_preset=&#8220;default&#8220; global_colors_info=&#8220;{}&#8220;][et_pb_icon font_icon=&#8220;&#xf017;||fa||400&#8243; icon_color=&#8220;#FFFFFF&#8220; icon_width=&#8220;46px&#8220; _builder_version=&#8220;4.27.0&#8243; _module_preset=&#8220;default&#8220; global_colors_info=&#8220;{}&#8220;][\/et_pb_icon][et_pb_text _builder_version=&#8220;4.27.0&#8243; _module_preset=&#8220;default&#8220; text_text_color=&#8220;#FFFFFF&#8220; text_font_size=&#8220;18px&#8220; header_2_font=&#8220;|700||on|||||&#8220; header_2_text_align=&#8220;center&#8220; header_2_text_color=&#8220;#FFFFFF&#8220; text_orientation=&#8220;center&#8220; global_colors_info=&#8220;{}&#8220;]<\/p>\n<h2>When?<\/h2>\n<p>Tuesday, <strong>01.10.2024<\/strong> &#8211;<br \/>Friday, <strong>04.10.2024<\/strong><\/p>\n<p>[\/et_pb_text][\/et_pb_column][et_pb_column type=&#8220;1_3&#8243; _builder_version=&#8220;4.27.0&#8243; _module_preset=&#8220;default&#8220; global_colors_info=&#8220;{}&#8220;][et_pb_icon font_icon=&#8220;&#xf3c5;||fa||900&#8243; icon_color=&#8220;#FFFFFF&#8220; icon_width=&#8220;46px&#8220; _builder_version=&#8220;4.27.0&#8243; _module_preset=&#8220;default&#8220; global_colors_info=&#8220;{}&#8220;][\/et_pb_icon][et_pb_text _builder_version=&#8220;4.27.0&#8243; _module_preset=&#8220;default&#8220; text_text_color=&#8220;#FFFFFF&#8220; text_font_size=&#8220;18px&#8220; header_2_font=&#8220;|700||on|||||&#8220; header_2_text_align=&#8220;center&#8220; header_2_text_color=&#8220;#FFFFFF&#8220; text_orientation=&#8220;center&#8220; global_colors_info=&#8220;{}&#8220;]<\/p>\n<h2>Where?<\/h2>\n<p>On site<br \/>in <strong>M\u00fcnster<\/strong><\/p>\n<p>[\/et_pb_text][\/et_pb_column][et_pb_column type=&#8220;1_3&#8243; _builder_version=&#8220;4.27.0&#8243; _module_preset=&#8220;default&#8220; global_colors_info=&#8220;{}&#8220;][et_pb_icon font_icon=&#8220;&#xf500;||fa||900&#8243; icon_color=&#8220;#FFFFFF&#8220; icon_width=&#8220;46px&#8220; _builder_version=&#8220;4.27.0&#8243; _module_preset=&#8220;default&#8220; global_colors_info=&#8220;{}&#8220;][\/et_pb_icon][et_pb_text _builder_version=&#8220;4.27.0&#8243; _module_preset=&#8220;default&#8220; text_text_color=&#8220;#FFFFFF&#8220; text_font_size=&#8220;18px&#8220; header_2_font=&#8220;|700||on|||||&#8220; header_2_text_align=&#8220;center&#8220; header_2_text_color=&#8220;#FFFFFF&#8220; text_orientation=&#8220;center&#8220; global_colors_info=&#8220;{}&#8220;]<\/p>\n<h2>For whom?<\/h2>\n<p>All students starting at FB4 the <strong>winter term of 2024<\/strong><\/p>\n<p>[\/et_pb_text][\/et_pb_column][\/et_pb_row][et_pb_row column_structure=&#8220;2_3,1_3&#8243; disabled_on=&#8220;on|on|on&#8220; _builder_version=&#8220;4.24.0&#8243; _module_preset=&#8220;default&#8220; disabled=&#8220;on&#8220; locked=&#8220;off&#8220; global_colors_info=&#8220;{}&#8220;][et_pb_column type=&#8220;2_3&#8243; _builder_version=&#8220;4.24.0&#8243; _module_preset=&#8220;default&#8220; global_colors_info=&#8220;{}&#8220;][et_pb_image src=&#8220;https:\/\/fachschaft-wiwi.ms\/wp-content\/uploads\/2024\/03\/O-Woche-Ablaufplan-2024.png&#8220; title_text=&#8220;O-Woche Ablaufplan 2024&#8243; disabled_on=&#8220;off|off|off&#8220; _builder_version=&#8220;4.24.0&#8243; _module_preset=&#8220;default&#8220; global_colors_info=&#8220;{}&#8220;][\/et_pb_image][\/et_pb_column][et_pb_column type=&#8220;1_3&#8243; _builder_version=&#8220;4.24.0&#8243; _module_preset=&#8220;default&#8220; global_colors_info=&#8220;{}&#8220;][et_pb_text _builder_version=&#8220;4.27.0&#8243; _module_preset=&#8220;default&#8220; custom_margin=&#8220;31px||||false|false&#8220; global_colors_info=&#8220;{}&#8220;]<\/p>\n<h2>Schedule of the o-week<\/h2>\n<p>Here you will soon find the schedule for the winter term 2024\/25.<\/p>\n<p>Not all activities are relevant for all students. In the places where no activities are assigned or where they are not relevant for the respective degree program, your O-group will organize a parallel program.<\/p>\n<p>We hope that you will have a great week with this program!<\/p>\n<p>[\/et_pb_text][et_pb_button button_url=&#8220;@ET-DC@eyJkeW5hbWljIjp0cnVlLCJjb250ZW50IjoicG9zdF9saW5rX3VybF9wYWdlIiwic2V0dGluZ3MiOnsicG9zdF9pZCI6IjI4NzQ2In19@&#8220; url_new_window=&#8220;on&#8220; button_text=&#8220;Schedule&#8220; disabled_on=&#8220;off|off|off&#8220; _builder_version=&#8220;4.27.0&#8243; _dynamic_attributes=&#8220;button_url&#8220; _module_preset=&#8220;default&#8220; locked=&#8220;off&#8220; global_colors_info=&#8220;{}&#8220;][\/et_pb_button][\/et_pb_column][\/et_pb_row][et_pb_row _builder_version=&#8220;4.19.5&#8243; _module_preset=&#8220;default&#8220; custom_padding=&#8220;0px|||||&#8220; global_colors_info=&#8220;{}&#8220;][et_pb_column type=&#8220;4_4&#8243; _builder_version=&#8220;4.19.5&#8243; _module_preset=&#8220;default&#8220; global_colors_info=&#8220;{}&#8220;][et_pb_text _builder_version=&#8220;4.27.0&#8243; _module_preset=&#8220;default&#8220; background_color=&#8220;#FFFFFF&#8220; min_height=&#8220;281.6px&#8220; custom_padding=&#8220;2.2em|2em|2.2em|2em|true|true&#8220; border_width_all=&#8220;2px&#8220; border_color_all=&#8220;#1B3458&#8243; global_colors_info=&#8220;{}&#8220;]<\/p>\n<h2 class=\"x_MsoNormal\"><span class=\"x_contentpasted1\"><span>Awareness<\/span><\/span><\/h2>\n<p>We want to inform you about our awareness offer. If you feel uncomfortable, harassed or harassed during O week. Please contact your mentors directly. They will support and help you in the situation. If you don&#8217;t want to contact your mentors, you have the option of contacting our awareness team during the orientation week on\u00a0<strong>telephone number: +49 1575 2851666<\/strong>\u00a0or by WhatsApp. Also, we will have an awareness corner at every party. There are always two helpers on site who have an open ear for you and can also be reached via the awareness telephone.\u00a0<\/p>\n<p>We would like to point out that this telephone number is not intended for organizational questions. You can send this to\u00a0<a href=\"mailto:owoche@fachschaft-wiwi.ms\">owoche@fachschaft-wiwi.ms\u00a0<\/a><\/p>\n<p>[\/et_pb_text][et_pb_text _builder_version=&#8220;4.27.0&#8243; _module_preset=&#8220;default&#8220; global_colors_info=&#8220;{}&#8220;]<\/p>\n<p>Note: You can find out more about the O-Week for the Politics and Business, Business and Law and Economics degree programs at <a href=\"https:\/\/www.uni-muenster.de\/FsPWR\/infos\/orientierungswoche.html\">https:\/\/www.uni-muenster.de\/FsPWR\/infos\/orientierungswoche.html<\/a>.<\/p>\n<p>[\/et_pb_text][\/et_pb_column][\/et_pb_row][et_pb_row _builder_version=&#8220;4.27.0&#8243; _module_preset=&#8220;default&#8220; custom_padding=&#8220;23px||23px||true|&#8220; locked=&#8220;off&#8220; global_colors_info=&#8220;{}&#8220;][et_pb_column type=&#8220;4_4&#8243; _builder_version=&#8220;4.27.0&#8243; _module_preset=&#8220;default&#8220; global_colors_info=&#8220;{}&#8220;][et_pb_divider divider_style=&#8220;dashed&#8220; divider_weight=&#8220;2px&#8220; _builder_version=&#8220;4.27.0&#8243; _module_preset=&#8220;default&#8220; height=&#8220;20px&#8220; custom_margin=&#8220;20px||||false|false&#8220; global_colors_info=&#8220;{}&#8220;][\/et_pb_divider][\/et_pb_column][\/et_pb_row][et_pb_row _builder_version=&#8220;4.27.0&#8243; _module_preset=&#8220;default&#8220; global_colors_info=&#8220;{}&#8220;][et_pb_column type=&#8220;4_4&#8243; _builder_version=&#8220;4.27.0&#8243; _module_preset=&#8220;default&#8220; global_colors_info=&#8220;{}&#8220;][et_pb_heading title=&#8220;Important information&#8220; _builder_version=&#8220;4.27.0&#8243; _module_preset=&#8220;default&#8220; title_level=&#8220;h2&#8243; title_font=&#8220;|700|||||||&#8220; global_colors_info=&#8220;{}&#8220;][\/et_pb_heading][\/et_pb_column][\/et_pb_row][et_pb_row column_structure=&#8220;1_2,1_2&#8243; _builder_version=&#8220;4.27.0&#8243; _module_preset=&#8220;default&#8220; global_colors_info=&#8220;{}&#8220;][et_pb_column type=&#8220;1_2&#8243; _builder_version=&#8220;4.27.0&#8243; _module_preset=&#8220;default&#8220; global_colors_info=&#8220;{}&#8220;][et_pb_text _builder_version=&#8220;4.27.0&#8243; _module_preset=&#8220;default&#8220; custom_margin=&#8220;||16px||false|false&#8220; global_colors_info=&#8220;{}&#8220;]<\/p>\n<h3>Instagram<\/h3>\n<p>To make sure you don&#8217;t miss any info, check out our Instagram channel too!<\/p>\n<p>[\/et_pb_text][et_pb_button button_url=&#8220;https:\/\/instagram.com\/owoche.wiwi.ms&#8220; button_text=&#8220;Instagram of the o-week&#8220; _builder_version=&#8220;4.27.0&#8243; _module_preset=&#8220;default&#8220; global_colors_info=&#8220;{}&#8220;][\/et_pb_button][\/et_pb_column][et_pb_column type=&#8220;1_2&#8243; _builder_version=&#8220;4.27.0&#8243; _module_preset=&#8220;default&#8220; global_colors_info=&#8220;{}&#8220;][et_pb_text _builder_version=&#8220;4.27.0&#8243; _module_preset=&#8220;default&#8220; global_colors_info=&#8220;{}&#8220;]<\/p>\n<h3>Registration<\/h3>\n<p>You will be able to register for the upcoming orientation week soon on here!<\/p>\n<p>[\/et_pb_text][\/et_pb_column][\/et_pb_row][et_pb_row _builder_version=&#8220;4.27.0&#8243; _module_preset=&#8220;default&#8220; global_colors_info=&#8220;{}&#8220;][et_pb_column type=&#8220;4_4&#8243; _builder_version=&#8220;4.27.0&#8243; _module_preset=&#8220;default&#8220; global_colors_info=&#8220;{}&#8220;][et_pb_text _builder_version=&#8220;4.27.0&#8243; _module_preset=&#8220;default&#8220; custom_margin=&#8220;||16px||false|false&#8220; global_colors_info=&#8220;{}&#8220;]<\/p>\n<h3>Learnweb-course &#8222;O-Woche WiWi FB4&#8220;<\/h3>\n<p>You can find all the information for the orientation week, your studies and more in our Learnweb course named <strong>O-Woche FB 4<\/strong>. Here you will also find the links for all Zoom meetings during the week.\u00a0<br \/>Log in with your University ID, click \u201cenrol\u201c and you\u2019re in!\u00a0<\/p>\n<p>If you don\u2019t have access to the Learnweb yet, please send us an e-mail at: <a href=\"mailto:owoche@fachschaft-wiwi.ms\">owoche@fachschaft-wiwi.ms\u00a0<\/a><\/p>\n<p>[\/et_pb_text][et_pb_button button_url=&#8220;https:\/\/sso.uni-muenster.de\/LearnWeb\/learnweb2\/course\/view.php?id=46600&#8243; button_text=&#8220;Learnweb-Course&#8220; _builder_version=&#8220;4.27.0&#8243; _module_preset=&#8220;default&#8220; global_colors_info=&#8220;{}&#8220;][\/et_pb_button][\/et_pb_column][\/et_pb_row][et_pb_row _builder_version=&#8220;4.27.0&#8243; _module_preset=&#8220;default&#8220; global_colors_info=&#8220;{}&#8220;][et_pb_column type=&#8220;4_4&#8243; _builder_version=&#8220;4.27.0&#8243; _module_preset=&#8220;default&#8220; global_colors_info=&#8220;{}&#8220;][et_pb_text _builder_version=&#8220;4.27.0&#8243; _module_preset=&#8220;default&#8220; global_colors_info=&#8220;{}&#8220;]<\/p>\n<h3>Questions?<\/h3>\n<p>We have collected all frequently asked questions and aswered them for you on our website. Can&#8217;t find your question? Just write us an email and we will get back to you!\u00a0<\/p>\n<p>[\/et_pb_text][et_pb_button button_url=&#8220;@ET-DC@eyJkeW5hbWljIjp0cnVlLCJjb250ZW50IjoicG9zdF9saW5rX3VybF9wYWdlIiwic2V0dGluZ3MiOnsicG9zdF9pZCI6IjI5MTA2In19@&#8220; button_text=&#8220;O-Week FAQ&#8220; _builder_version=&#8220;4.27.0&#8243; _dynamic_attributes=&#8220;button_url&#8220; _module_preset=&#8220;default&#8220; global_colors_info=&#8220;{}&#8220;][\/et_pb_button][\/et_pb_column][\/et_pb_row][et_pb_row _builder_version=&#8220;4.27.0&#8243; _module_preset=&#8220;default&#8220; global_colors_info=&#8220;{}&#8220;][et_pb_column type=&#8220;4_4&#8243; _builder_version=&#8220;4.27.0&#8243; _module_preset=&#8220;default&#8220; global_colors_info=&#8220;{}&#8220;][et_pb_text _builder_version=&#8220;4.27.0&#8243; _module_preset=&#8220;default&#8220; custom_margin=&#8220;||16px||false|false&#8220; global_colors_info=&#8220;{}&#8220;]<\/p>\n<h3>Disclaimer<\/h3>\n<p><span data-contrast=\"none\">We are planning everything with the utmost care so to ensure the best start at our university for everyone.<\/span><\/p>\n<p><span data-contrast=\"none\">But unfortunately, we can\u2019t tell the future. Therefore, there may be changes in the schedule et short notice. We will of course inform you about this on all the usual channels!<\/span><span data-ccp-props=\"{&quot;201341983&quot;:0,&quot;335559739&quot;:160,&quot;335559740&quot;:259}\">\u00a0<\/span><\/p>\n<p>[\/et_pb_text][\/et_pb_column][\/et_pb_row][et_pb_row column_structure=&#8220;3_5,2_5&#8243; _builder_version=&#8220;4.16&#8243; _module_preset=&#8220;default&#8220; custom_margin=&#8220;-1px|auto||auto||&#8220; custom_padding=&#8220;36px|||||&#8220; global_colors_info=&#8220;{}&#8220;][et_pb_column type=&#8220;3_5&#8243; _builder_version=&#8220;4.16&#8243; _module_preset=&#8220;default&#8220; global_colors_info=&#8220;{}&#8220;][et_pb_text _builder_version=&#8220;4.23.1&#8243; _module_preset=&#8220;default&#8220; width=&#8220;100%&#8220; min_height=&#8220;333px&#8220; custom_padding=&#8220;100px|60px||0px|false|false&#8220; global_colors_info=&#8220;{}&#8220;]<\/p>\n<h2 style=\"text-align: justify;\">Hey everyone,<\/h2>\n<p style=\"text-align: justify;\"><span data-contrast=\"auto\">We are the current organisation team and are here to organise a phenomenal orientation week this semester and thus make your start in M\u00fcnster easier. <\/span><span data-ccp-props=\"{&quot;201341983&quot;:0,&quot;335559739&quot;:160,&quot;335559740&quot;:259}\">\u00a0<\/span><\/p>\n<p style=\"text-align: justify;\"><strong>We are looking forward to meeting you soon!\u00a0<br \/>Hannes, Stina, Lisa and Anton (O-week organisation team winter term 2024)\u00a0<\/strong><\/p>\n<p>[\/et_pb_text][\/et_pb_column][et_pb_column type=&#8220;2_5&#8243; _builder_version=&#8220;4.16&#8243; _module_preset=&#8220;default&#8220; global_colors_info=&#8220;{}&#8220;][et_pb_image src=&#8220;https:\/\/fachschaft-wiwi.ms\/wp-content\/uploads\/2024\/07\/8b53045b-2da9-4b96-a547-096c1e737b83-1.jpg&#8220; title_text=&#8220;8b53045b-2da9-4b96-a547-096c1e737b83-1&#8243; src_last_edited=&#8220;off|desktop&#8220; _builder_version=&#8220;4.27.0&#8243; _module_preset=&#8220;default&#8220; custom_padding=&#8220;|||1px||&#8220; global_colors_info=&#8220;{}&#8220;][\/et_pb_image][\/et_pb_column][\/et_pb_row][et_pb_row _builder_version=&#8220;4.16&#8243; _module_preset=&#8220;default&#8220; global_colors_info=&#8220;{}&#8220;][et_pb_column type=&#8220;4_4&#8243; _builder_version=&#8220;4.16&#8243; _module_preset=&#8220;default&#8220; global_colors_info=&#8220;{}&#8220;][et_pb_button button_url=&#8220;@ET-DC@eyJkeW5hbWljIjp0cnVlLCJjb250ZW50IjoicG9zdF9saW5rX3VybF9wYWdlIiwic2V0dGluZ3MiOnsicG9zdF9pZCI6IjI5MDUzIn19@&#8220; button_text=&#8220;Back to the overview&#8220; button_alignment=&#8220;center&#8220; _builder_version=&#8220;4.27.0&#8243; _dynamic_attributes=&#8220;button_url&#8220; _module_preset=&#8220;default&#8220; global_colors_info=&#8220;{}&#8220;][\/et_pb_button][\/et_pb_column][\/et_pb_row][\/et_pb_section]<\/p>\n","protected":false},"excerpt":{"rendered":"<p>English version belowUm euch einen m\u00f6glichst reibungslosen Start ins Studium zu erm\u00f6glichen, veranstalten wir jedes Semester f\u00fcr alle Neustarter an unserem Fachbereich (FB4) eine Orientierungswoche (kurz O-Woche). Die O-Woche dient dazu, dass ihr einen \u00dcberblick \u00fcber euer Studium erhaltet und alles was zum Studienalltag in M\u00fcnster noch dazugeh\u00f6rt, einmal kennenlernen k\u00f6nnt. Dabei werdet ihr in [&hellip;]<\/p>\n","protected":false},"author":17,"featured_media":27088,"parent":29053,"menu_order":0,"comment_status":"closed","ping_status":"closed","template":"","meta":{"_et_pb_use_builder":"on","_et_pb_old_content":"","_et_gb_content_width":"","footnotes":""},"class_list":["post-29066","page","type-page","status-publish","has-post-thumbnail","hentry"],"_links":{"self":[{"href":"https:\/\/fachschaft-wiwi.ms\/en\/wp-json\/wp\/v2\/pages\/29066","targetHints":{"allow":["GET"]}}],"collection":[{"href":"https:\/\/fachschaft-wiwi.ms\/en\/wp-json\/wp\/v2\/pages"}],"about":[{"href":"https:\/\/fachschaft-wiwi.ms\/en\/wp-json\/wp\/v2\/types\/page"}],"author":[{"embeddable":true,"href":"https:\/\/fachschaft-wiwi.ms\/en\/wp-json\/wp\/v2\/users\/17"}],"replies":[{"embeddable":true,"href":"https:\/\/fachschaft-wiwi.ms\/en\/wp-json\/wp\/v2\/comments?post=29066"}],"version-history":[{"count":19,"href":"https:\/\/fachschaft-wiwi.ms\/en\/wp-json\/wp\/v2\/pages\/29066\/revisions"}],"predecessor-version":[{"id":29184,"href":"https:\/\/fachschaft-wiwi.ms\/en\/wp-json\/wp\/v2\/pages\/29066\/revisions\/29184"}],"up":[{"embeddable":true,"href":"https:\/\/fachschaft-wiwi.ms\/en\/wp-json\/wp\/v2\/pages\/29053"}],"wp:featuredmedia":[{"embeddable":true,"href":"https:\/\/fachschaft-wiwi.ms\/en\/wp-json\/wp\/v2\/media\/27088"}],"wp:attachment":[{"href":"https:\/\/fachschaft-wiwi.ms\/en\/wp-json\/wp\/v2\/media?parent=29066"}],"curies":[{"name":"wp","href":"https:\/\/api.w.org\/{rel}","templated":true}]}}